{"id":231,"date":"2026-01-29T19:24:42","date_gmt":"2026-01-29T19:24:42","guid":{"rendered":"https:\/\/pages.cnpem.br\/cepidcemol\/?page_id=231"},"modified":"2026-02-11T17:31:19","modified_gmt":"2026-02-11T17:31:19","slug":"valtencir-zucolotto-2","status":"publish","type":"page","link":"https:\/\/pages.cnpem.br\/cepidcemol\/equipe\/valtencir-zucolotto-2\/","title":{"rendered":"Valtencir Zucolotto"},"content":{"rendered":"<div class=\"wpb-content-wrapper\"><p>[vc_row][vc_column width=&#8221;1\/3&#8243;]<style type=\"text\/css\" data-type=\"the7_shortcodes-inline-css\">.shortcode-single-image-wrap.shortcode-single-image-8a3c92087b3a6b915c6960c800304bd4.enable-bg-rollover .rollover i,\n.shortcode-single-image-wrap.shortcode-single-image-8a3c92087b3a6b915c6960c800304bd4.enable-bg-rollover .rollover-video i {\n  background: -webkit-linear-gradient();\n  background: linear-gradient();\n}\n.shortcode-single-image-wrap.shortcode-single-image-8a3c92087b3a6b915c6960c800304bd4 .rollover-icon {\n  font-size: 32px;\n  color: #ffffff;\n  min-width: 44px;\n  min-height: 44px;\n  line-height: 44px;\n  border-radius: 100px;\n  border-style: solid;\n  border-width: 0px;\n}\n.dt-icon-bg-on.shortcode-single-image-wrap.shortcode-single-image-8a3c92087b3a6b915c6960c800304bd4 .rollover-icon {\n  background: rgba(255,255,255,0.3);\n  box-shadow: none;\n}<\/style><div class=\"shortcode-single-image-wrap shortcode-single-image-8a3c92087b3a6b915c6960c800304bd4 alignnone  enable-bg-rollover dt-icon-bg-off\" style=\"margin-top:0px; margin-bottom:0px; margin-left:0px; margin-right:0px; width:500px;\"><div class=\"shortcode-single-image\"><div class=\"fancy-media-wrap  layzr-bg\" style=\"\"><img fetchpriority=\"high\" decoding=\"async\" class=\"preload-me lazy-load aspect\" src=\"data:image\/svg+xml,%3Csvg%20xmlns%3D&#39;http%3A%2F%2Fwww.w3.org%2F2000%2Fsvg&#39;%20viewBox%3D&#39;0%200%20500%20500&#39;%2F%3E\" data-src=\"https:\/\/pages.cnpem.br\/cepidcemol\/wp-content\/uploads\/sites\/201\/2026\/01\/Valtencir-Zucolotto-500x500.jpg\" data-srcset=\"https:\/\/pages.cnpem.br\/cepidcemol\/wp-content\/uploads\/sites\/201\/2026\/01\/Valtencir-Zucolotto-500x500.jpg 500w, https:\/\/pages.cnpem.br\/cepidcemol\/wp-content\/uploads\/sites\/201\/2026\/01\/Valtencir-Zucolotto.jpg 554w\" loading=\"eager\" sizes=\"(max-width: 500px) 100vw, 500px\" width=\"500\" height=\"500\"  data-dt-location=\"https:\/\/pages.cnpem.br\/cepidcemol\/equipe\/valtencir-zucolotto\/\" style=\"--ratio: 500 \/ 500;\" alt=\"\" \/><\/div><\/div><\/div>[vc_empty_space height=&#8221;25px&#8221;][vc_column_text css=&#8221;&#8221;]<\/p>\n<h4 style=\"text-align: center\">Valtencir Zucolotto<\/h4>\n<p style=\"text-align: center\"><strong>Coordenador de Difus\u00e3o do CEMol<\/strong><\/p>\n<p style=\"text-align: center\">IFSC-USP<\/p>\n<p>[\/vc_column_text][\/vc_column][vc_column width=&#8221;2\/3&#8243;][vc_column_text css=&#8221;&#8221;]<b><span data-contrast=\"auto\">Valtencir Zucolotto <\/span><\/b><span data-contrast=\"auto\">\u00e9 Professor Titular do Instituto de F\u00edsica de S\u00e3o Carlos da Universidade de S\u00e3o Paulo (IFSC\u2013USP). \u00c9 graduado em Engenharia de Materiais pela Universidade Federal de S\u00e3o Carlos (UFSCar) e doutor em Ci\u00eancia e Engenharia de Materiais pela USP, com est\u00e1gio doutoral na University of Massachusetts at Lowell (EUA) e per\u00edodo como professor visitante na Universit\u00e9 Joseph Fourier (Fran\u00e7a). Sua pesquisa foca em Nanotecnologia Aplicada \u00e0 Sa\u00fade e \u00e0 Agricultura. Autor de mais de 240 artigos cient\u00edficos e autor em mais de 40 dep\u00f3sitos de patentes, com 10 cartas-patente j\u00e1 concedidas. \u00c9 editor de s\u00e9ries e peri\u00f3dicos internacionais, ex-membro afiliado da Academia Brasileira de Ci\u00eancias e refer\u00eancia nacional e internacional em escrita e editora\u00e7\u00e3o cient\u00edfica.<\/span><span data-ccp-props=\"{&quot;134233117&quot;:false,&quot;134233118&quot;:false,&quot;335559738&quot;:0,&quot;335559739&quot;:240}\">\u00a0<\/span><\/p>\n<p><span data-ccp-props=\"{&quot;134233117&quot;:false,&quot;134233118&quot;:false,&quot;335559738&quot;:0,&quot;335559739&quot;:240}\">\u00a0<\/span><\/p>\n<p><span data-contrast=\"auto\"><strong>\u00c1rea tem\u00e1tica<\/strong>: Sa\u00fade<\/span><span data-ccp-props=\"{&quot;134233117&quot;:false,&quot;134233118&quot;:false,&quot;335559738&quot;:0,&quot;335559739&quot;:240}\">\u00a0<\/span><\/p>\n<p><span data-contrast=\"auto\"><strong>Lattes<\/strong>: <\/span><a href=\"http:\/\/lattes.cnpq.br\/5768000922241088\"><span data-contrast=\"none\">http:\/\/lattes.cnpq.br\/5768000922241088<\/span><\/a><\/p>\n<p><span data-ccp-props=\"{&quot;134233117&quot;:false,&quot;134233118&quot;:false,&quot;335559738&quot;:0,&quot;335559739&quot;:240}\"><strong>Google Scholar<\/strong>: <a href=\"https:\/\/scholar.google.com\/citations?user=_K-kmRQAAAAJ\">https:\/\/scholar.google.com\/citations?user=_K-kmRQAAAAJ<\/a><\/span>[\/vc_column_text][\/vc_column][\/vc_row]<\/p>\n<\/div>","protected":false},"excerpt":{"rendered":"<p>[vc_row][vc_column width=&#8221;1\/3&#8243;][vc_empty_space height=&#8221;25px&#8221;][vc_column_text css=&#8221;&#8221;] Valtencir Zucolotto Coordenador de Difus\u00e3o do CEMol IFSC-USP [\/vc_column_text][\/vc_column][vc_column width=&#8221;2\/3&#8243;][vc_column_text css=&#8221;&#8221;]Valtencir Zucolotto \u00e9 Professor Titular do Instituto de F\u00edsica de S\u00e3o Carlos da Universidade de S\u00e3o Paulo (IFSC\u2013USP). \u00c9 graduado em Engenharia de Materiais pela Universidade Federal de S\u00e3o Carlos (UFSCar) e doutor em Ci\u00eancia e Engenharia de Materiais pela USP,&hellip;<\/p>\n","protected":false},"author":4808,"featured_media":0,"parent":134,"menu_order":0,"comment_status":"closed","ping_status":"closed","template":"","meta":{"footnotes":""},"class_list":["post-231","page","type-page","status-publish","hentry","description-off"],"jetpack_sharing_enabled":true,"_links":{"self":[{"href":"https:\/\/pages.cnpem.br\/cepidcemol\/wp-json\/wp\/v2\/pages\/231","targetHints":{"allow":["GET"]}}],"collection":[{"href":"https:\/\/pages.cnpem.br\/cepidcemol\/wp-json\/wp\/v2\/pages"}],"about":[{"href":"https:\/\/pages.cnpem.br\/cepidcemol\/wp-json\/wp\/v2\/types\/page"}],"author":[{"embeddable":true,"href":"https:\/\/pages.cnpem.br\/cepidcemol\/wp-json\/wp\/v2\/users\/4808"}],"replies":[{"embeddable":true,"href":"https:\/\/pages.cnpem.br\/cepidcemol\/wp-json\/wp\/v2\/comments?post=231"}],"version-history":[{"count":0,"href":"https:\/\/pages.cnpem.br\/cepidcemol\/wp-json\/wp\/v2\/pages\/231\/revisions"}],"up":[{"embeddable":true,"href":"https:\/\/pages.cnpem.br\/cepidcemol\/wp-json\/wp\/v2\/pages\/134"}],"wp:attachment":[{"href":"https:\/\/pages.cnpem.br\/cepidcemol\/wp-json\/wp\/v2\/media?parent=231"}],"curies":[{"name":"wp","href":"https:\/\/api.w.org\/{rel}","templated":true}]}}