{"id":289,"date":"2026-02-02T18:01:59","date_gmt":"2026-02-02T18:01:59","guid":{"rendered":"https:\/\/pages.cnpem.br\/cepidcemol\/?page_id=289"},"modified":"2026-02-11T17:54:49","modified_gmt":"2026-02-11T17:54:49","slug":"juliana-da-silva-bernardes","status":"publish","type":"page","link":"https:\/\/pages.cnpem.br\/cepidcemol\/equipe\/juliana-da-silva-bernardes\/","title":{"rendered":"Juliana da Silva Bernardes"},"content":{"rendered":"<div class=\"wpb-content-wrapper\"><p>[vc_row][vc_column width=&#8221;1\/3&#8243;]<style type=\"text\/css\" data-type=\"the7_shortcodes-inline-css\">.shortcode-single-image-wrap.shortcode-single-image-3f65570f96db90bcb295e246876ad310.enable-bg-rollover .rollover i,\n.shortcode-single-image-wrap.shortcode-single-image-3f65570f96db90bcb295e246876ad310.enable-bg-rollover .rollover-video i {\n  background: -webkit-linear-gradient();\n  background: linear-gradient();\n}\n.shortcode-single-image-wrap.shortcode-single-image-3f65570f96db90bcb295e246876ad310 .rollover-icon {\n  font-size: 32px;\n  color: #ffffff;\n  min-width: 44px;\n  min-height: 44px;\n  line-height: 44px;\n  border-radius: 100px;\n  border-style: solid;\n  border-width: 0px;\n}\n.dt-icon-bg-on.shortcode-single-image-wrap.shortcode-single-image-3f65570f96db90bcb295e246876ad310 .rollover-icon {\n  background: rgba(255,255,255,0.3);\n  box-shadow: none;\n}<\/style><div class=\"shortcode-single-image-wrap shortcode-single-image-3f65570f96db90bcb295e246876ad310 alignnone  enable-bg-rollover dt-icon-bg-off\" style=\"margin-top:0px; margin-bottom:0px; margin-left:0px; margin-right:0px; width:500px;\"><div class=\"shortcode-single-image\"><div class=\"fancy-media-wrap  layzr-bg\" style=\"\"><img fetchpriority=\"high\" decoding=\"async\" class=\"preload-me lazy-load aspect\" src=\"data:image\/svg+xml,%3Csvg%20xmlns%3D&#39;http%3A%2F%2Fwww.w3.org%2F2000%2Fsvg&#39;%20viewBox%3D&#39;0%200%20500%20500&#39;%2F%3E\" data-src=\"https:\/\/pages.cnpem.br\/cepidcemol\/wp-content\/uploads\/sites\/201\/2026\/02\/Juliana-Bernardes-M-500x500.jpeg\" data-srcset=\"https:\/\/pages.cnpem.br\/cepidcemol\/wp-content\/uploads\/sites\/201\/2026\/02\/Juliana-Bernardes-M-500x500.jpeg 500w, https:\/\/pages.cnpem.br\/cepidcemol\/wp-content\/uploads\/sites\/201\/2026\/02\/Juliana-Bernardes-M.jpeg 600w\" loading=\"eager\" sizes=\"(max-width: 500px) 100vw, 500px\" width=\"500\" height=\"500\"  data-dt-location=\"https:\/\/pages.cnpem.br\/cepidcemol\/equipe\/juliana-bernardes-m\/\" style=\"--ratio: 500 \/ 500;\" alt=\"\" \/><\/div><\/div><\/div>[vc_empty_space height=&#8221;25px&#8221;][vc_column_text css=&#8221;&#8221;]<\/p>\n<div class=\"wpb_text_column wpb_content_element \">\n<div class=\"wpb_wrapper\">\n<div class=\"wpb_text_column wpb_content_element \">\n<div class=\"wpb_wrapper\">\n<h4 style=\"text-align: center\"><span class=\"TextRun SCXW181524146 BCX2\" lang=\"PT-BR\" xml:lang=\"PT-BR\" data-contrast=\"auto\"><span class=\"NormalTextRun SCXW181524146 BCX2\"><span class=\"TextRun SCXW205236356 BCX2\" lang=\"PT-BR\" xml:lang=\"PT-BR\" data-contrast=\"auto\"><span class=\"NormalTextRun SCXW205236356 BCX2\">Juliana da Silva Bernardes<\/span><\/span><\/span><\/span><\/h4>\n<p style=\"text-align: center\">LNNano-CNPEM<\/p>\n<\/div>\n<\/div>\n<\/div>\n<\/div>\n<p>[\/vc_column_text][\/vc_column][vc_column width=&#8221;2\/3&#8243;][vc_column_text css=&#8221;&#8221;]<b><span data-contrast=\"auto\">Juliana da Silva Bernardes<\/span><\/b><span data-contrast=\"auto\"> \u00e9 pesquisadora do Laborat\u00f3rio Nacional de Nanotecnologia <span class=\"TextRun SCXW128368929 BCX2\" lang=\"PT-BR\" xml:lang=\"PT-BR\" data-contrast=\"auto\"><span class=\"NormalTextRun SCXW128368929 BCX2\">do Centro Nacional de Pesquisa em Energia e Materiais<\/span><\/span> (LNNano\u2013CNPEM) e Professora associada aos programas de p\u00f3s-gradua\u00e7\u00e3o em nanoci\u00eancias e materiais avan\u00e7ados da Universidade Federal do ABC (UFABC) e em qu\u00edmica da Universidade Estadual de Campinas (Unicamp). \u00c9 graduada em Qu\u00edmica pela Unicamp e doutora em Ci\u00eancias com \u00eanfase em F\u00edsico-Qu\u00edmica de Coloides pela mesma institui\u00e7\u00e3o, com per\u00edodo sandu\u00edche na Universidade de Lund (Su\u00e9cia). Fez p\u00f3s-doutorados na Unicamp e na Universidade de Estocolmo. Pesquisa a convers\u00e3o de biomassas, especialmente res\u00edduos agr\u00edcolas, em materiais nanoestruturados sustent\u00e1veis, envolvendo processamento de nanomateriais, modifica\u00e7\u00e3o e caracteriza\u00e7\u00e3o de superf\u00edcies e fen\u00f4menos coloidais em nanoescala. Tem mais de 50 artigos publicados em peri\u00f3dicos da \u00e1rea, coordenou projetos com empresas, \u00e9 autora em mais de 10 patentes e foi eleita membro afiliado da Academia Brasileira de Ci\u00eancias (2025\u20132029).<\/span><span data-ccp-props=\"{}\">\u00a0<\/span><\/p>\n<p><span data-ccp-props=\"{}\">\u00a0<\/span><\/p>\n<p><span data-contrast=\"auto\"><strong>\u00c1rea tem\u00e1tica<\/strong>: Materiais Sustent\u00e1veis<\/span><span data-ccp-props=\"{}\">\u00a0<\/span><\/p>\n<p><span data-contrast=\"auto\"><strong>Lattes<\/strong>: <\/span><a href=\"http:\/\/lattes.cnpq.br\/5236549058240153\"><span data-contrast=\"none\">http:\/\/lattes.cnpq.br\/5236549058240153<\/span><\/a><span data-ccp-props=\"{}\">\u00a0<\/span><\/p>\n<p><strong>Google Scholar<\/strong>: <a href=\"https:\/\/scholar.google.com\/citations?hl=pt-BR&amp;user=h6TJeWgAAAAJ\">https:\/\/scholar.google.com\/citations?hl=pt-BR&amp;user=h6TJeWgAAAAJ<\/a>[\/vc_column_text][\/vc_column][\/vc_row]<\/p>\n<\/div>","protected":false},"excerpt":{"rendered":"<p>[vc_row][vc_column width=&#8221;1\/3&#8243;][vc_empty_space height=&#8221;25px&#8221;][vc_column_text css=&#8221;&#8221;] Juliana da Silva Bernardes LNNano-CNPEM [\/vc_column_text][\/vc_column][vc_column width=&#8221;2\/3&#8243;][vc_column_text css=&#8221;&#8221;]Juliana da Silva Bernardes \u00e9 pesquisadora do Laborat\u00f3rio Nacional de Nanotecnologia do Centro Nacional de Pesquisa em Energia e Materiais (LNNano\u2013CNPEM) e Professora associada aos programas de p\u00f3s-gradua\u00e7\u00e3o em nanoci\u00eancias e materiais avan\u00e7ados da Universidade Federal do ABC (UFABC) e em qu\u00edmica da Universidade&hellip;<\/p>\n","protected":false},"author":4808,"featured_media":0,"parent":134,"menu_order":0,"comment_status":"closed","ping_status":"closed","template":"","meta":{"footnotes":""},"class_list":["post-289","page","type-page","status-publish","hentry","description-off"],"jetpack_sharing_enabled":true,"_links":{"self":[{"href":"https:\/\/pages.cnpem.br\/cepidcemol\/wp-json\/wp\/v2\/pages\/289","targetHints":{"allow":["GET"]}}],"collection":[{"href":"https:\/\/pages.cnpem.br\/cepidcemol\/wp-json\/wp\/v2\/pages"}],"about":[{"href":"https:\/\/pages.cnpem.br\/cepidcemol\/wp-json\/wp\/v2\/types\/page"}],"author":[{"embeddable":true,"href":"https:\/\/pages.cnpem.br\/cepidcemol\/wp-json\/wp\/v2\/users\/4808"}],"replies":[{"embeddable":true,"href":"https:\/\/pages.cnpem.br\/cepidcemol\/wp-json\/wp\/v2\/comments?post=289"}],"version-history":[{"count":0,"href":"https:\/\/pages.cnpem.br\/cepidcemol\/wp-json\/wp\/v2\/pages\/289\/revisions"}],"up":[{"embeddable":true,"href":"https:\/\/pages.cnpem.br\/cepidcemol\/wp-json\/wp\/v2\/pages\/134"}],"wp:attachment":[{"href":"https:\/\/pages.cnpem.br\/cepidcemol\/wp-json\/wp\/v2\/media?parent=289"}],"curies":[{"name":"wp","href":"https:\/\/api.w.org\/{rel}","templated":true}]}}